{"id":1105,"date":"2025-01-22T09:04:36","date_gmt":"2025-01-22T09:04:36","guid":{"rendered":"https:\/\/rumbachzsinagoga.hu\/?post_type=esemeny&#038;p=1105"},"modified":"2025-01-22T09:04:37","modified_gmt":"2025-01-22T09:04:37","slug":"csak-jazz-szakcsi-jr-trio-koncert-a-rumbachban","status":"publish","type":"esemeny","link":"https:\/\/rumbachzsinagoga.hu\/en\/esemeny\/csak-jazz-szakcsi-jr-trio-koncert-a-rumbachban\/","title":{"rendered":"Csak Jazz \u2013 Szakcsi Jr. Tri\u00f3 koncert a Rumbachban"},"content":{"rendered":"<p><strong>Els<\/strong><strong>\u0151<\/strong><strong> oszt\u00e1ly\u00fa magyar dzsessz: a Szakcsi Jr. Tri\u00f3 koncert, vend\u00e9gm<\/strong><strong>\u0171<\/strong><strong>v\u00e9sz Berki Tam\u00e1s.<\/strong><\/p>\n\n\n\n<p><strong>Magabiztos virtuozit\u00e1s, zenei elegancia \u00e9s kiv\u00e9teles kreativit\u00e1s jellemzi a hazai dzsessz legkiemelked<\/strong><strong>\u0151<\/strong><strong>bb m<\/strong><strong>\u0171<\/strong><strong>v\u00e9szeinek j\u00e1t\u00e9k\u00e1t, amir<\/strong><strong>\u0151<\/strong><strong>l a Rumbach- zsinag\u00f3ga k\u00f6z\u00f6ns\u00e9ge is meggy<\/strong><strong>\u0151<\/strong><strong>z<\/strong><strong>\u0151<\/strong><strong>dhet febru\u00e1r 20-\u00e1n, cs\u00fct\u00f6rt\u00f6k\u00f6n este 7 \u00f3r\u00e1t\u00f3l. Jegy\u00e1r: 5500 forint.<\/strong><\/p>\n\n\n\n<p>\u201eA t\u00e9ma csak \u00fcr\u00fcgy, a l\u00e9nyeg a zenei besz\u00e9lget\u00e9s.\u201d Ifj. Szakcsi Lakatos B\u00e9la<\/p>\n\n\n\n<p>Csaknem h\u00fasz \u00e9ve koncertezik egy\u00fctt <strong>Ifj.<\/strong> <strong>Szakcsi Lakatos B\u00e9la<\/strong> (zongora), <strong>Pecek Lakatos Kriszti\u00e1n<\/strong> (b\u0151g\u0151<strong> \u00e9s Bal\u00e1zs Elem\u00e9r <\/strong>(dob). A tri\u00f3 a trad\u00edci\u00f3 m\u00e9ly tisztelet\u00e9vel j\u00e1tszik akusztikus modern dzsesszt. A virtuozit\u00e1s \u00e9s kreativit\u00e1s mellett a zene v\u00e9gtelen szeretete jellemzi \u0151ket. Ez\u00fattal p\u00e1ly\u00e1juk zenei gy\u00f6ngyszemeit mutatj\u00e1k be a k\u00f6z\u00f6ns\u00e9gnek a Rumbach Sebesty\u00e9n utcai zsinag\u00f3g\u00e1ban, ahol az est vend\u00e9gm\u0171v\u00e9sze <strong>Berki Tam\u00e1s<\/strong>, M\u00e1t\u00e9 P\u00e9ter-d\u00edjas el\u0151ad\u00f3m\u0171v\u00e9sz lesz.<\/p>\n\n\n\n<p>\u201eEls\u0151 oszt\u00e1ly\u00fa magyar dzsessz. A Szakcsi Tri\u00f3 el\u0151ad\u00e1sa kifinomultan eleg\u00e1ns sz\u00ednpadi remekm\u0171. Hangsz\u00ednezet\u00fck lelem\u00e9nyes. J\u00e1t\u00e9kuk technikailag hib\u00e1tlan, magabiztos \u00e9s teljesen egys\u00e9ges. A sz\u00ednpadon \u00e1rnyalt zenei virtuozit\u00e1s jellemzi \u0151ket. Zen\u00e9j\u00fck kiv\u00e9teles improviz\u00e1ci\u00f3s tehets\u00e9get t\u00fckr\u00f6z. Zenei \u00f6tletekkel \u00e1llnak el\u0151, ellenjavaslatokat tesznek, mindezt kidolgoz\u00e1s k\u00f6veti, s majd a v\u00e9g\u00e9n: b\u00e9ke.\u201d (<em>Brasso Visitor, Leila Fitt<\/em>)<\/p>","protected":false},"excerpt":{"rendered":"<p>Els\u0151 oszt\u00e1ly\u00fa magyar dzsessz: a Szakcsi Jr. Tri\u00f3 koncert, vend\u00e9gm\u0171v\u00e9sz Berki Tam\u00e1s. Magabiztos virtuozit\u00e1s, zenei elegancia \u00e9s kiv\u00e9teles kreativit\u00e1s jellemzi a hazai dzsessz legkiemelked\u0151bb m\u0171v\u00e9szeinek j\u00e1t\u00e9k\u00e1t, amir\u0151l a Rumbach- zsinag\u00f3ga k\u00f6z\u00f6ns\u00e9ge is meggy\u0151z\u0151dhet febru\u00e1r 20-\u00e1n, cs\u00fct\u00f6rt\u00f6k\u00f6n este 7 \u00f3r\u00e1t\u00f3l. Jegy\u00e1r: 5500 forint. \u201eA t\u00e9ma csak \u00fcr\u00fcgy, a l\u00e9nyeg a zenei besz\u00e9lget\u00e9s.\u201d Ifj. Szakcsi Lakatos B\u00e9la [&hellip;]<\/p>","protected":false},"featured_media":1106,"parent":0,"menu_order":0,"template":"","meta":{"_acf_changed":true},"categories":[],"tags":[],"class_list":["post-1105","esemeny","type-esemeny","status-publish","has-post-thumbnail","hentry"],"acf":[],"_links":{"self":[{"href":"https:\/\/rumbachzsinagoga.hu\/en\/wp-json\/wp\/v2\/esemeny\/1105","targetHints":{"allow":["GET"]}}],"collection":[{"href":"https:\/\/rumbachzsinagoga.hu\/en\/wp-json\/wp\/v2\/esemeny"}],"about":[{"href":"https:\/\/rumbachzsinagoga.hu\/en\/wp-json\/wp\/v2\/types\/esemeny"}],"wp:featuredmedia":[{"embeddable":true,"href":"https:\/\/rumbachzsinagoga.hu\/en\/wp-json\/wp\/v2\/media\/1106"}],"wp:attachment":[{"href":"https:\/\/rumbachzsinagoga.hu\/en\/wp-json\/wp\/v2\/media?parent=1105"}],"wp:term":[{"taxonomy":"category","embeddable":true,"href":"https:\/\/rumbachzsinagoga.hu\/en\/wp-json\/wp\/v2\/categories?post=1105"},{"taxonomy":"post_tag","embeddable":true,"href":"https:\/\/rumbachzsinagoga.hu\/en\/wp-json\/wp\/v2\/tags?post=1105"}],"curies":[{"name":"wp","href":"https:\/\/api.w.org\/{rel}","templated":true}]}}